{"id":1126,"date":"2018-09-11T09:46:56","date_gmt":"2018-09-11T07:46:56","guid":{"rendered":"https:\/\/rebbz-winterhude.hamburg.de\/?page_id=1126"},"modified":"2020-02-12T12:49:34","modified_gmt":"2020-02-12T11:49:34","slug":"125-jaehriges-schuljubiliaeum","status":"publish","type":"page","link":"https:\/\/rebbz-winterhude.hamburg.de\/?page_id=1126","title":{"rendered":"125-j\u00e4hriges Schuljubili\u00e4um"},"content":{"rendered":"<p style=\"text-align: center\"><strong>&nbsp;<\/strong><\/p>\n<p style=\"text-align: center\"><span style=\"text-decoration: underline\"><strong>Das gro\u00dfe Feiern am 26. Und 27.09.2018<\/strong><\/span><\/p>\n<p><img loading=\"lazy\" decoding=\"async\" class=\"wp-image-1224 alignright\" src=\"https:\/\/rebbz-winterhude.hamburg.de\/wp-content\/uploads\/sites\/656\/2018\/10\/20180926_135803-1-300x290.jpg\" alt=\"\" width=\"143\" height=\"138\" srcset=\"https:\/\/rebbz-winterhude.hamburg.de\/wp-content\/uploads\/sites\/656\/2018\/10\/20180926_135803-1-300x290.jpg 300w, https:\/\/rebbz-winterhude.hamburg.de\/wp-content\/uploads\/sites\/656\/2018\/10\/20180926_135803-1-768x741.jpg 768w, https:\/\/rebbz-winterhude.hamburg.de\/wp-content\/uploads\/sites\/656\/2018\/10\/20180926_135803-1-1024x988.jpg 1024w, https:\/\/rebbz-winterhude.hamburg.de\/wp-content\/uploads\/sites\/656\/2018\/10\/20180926_135803-1.jpg 1835w\" sizes=\"auto, (max-width: 143px) 100vw, 143px\" \/><\/p>\n<p>Die beiden Festtage zum 125j\u00e4hrigen Schuljubil\u00e4um liegen nun hinter uns du sie waren ein voller Erfolg!<\/p>\n<p style=\"text-align: justify\">Die h\u00fcbsch geschm\u00fcckte Schulfassade und ein selbst gebautes Luftballontor luden ein zum Mitfeiern. Auch das Wetter spielte mit: am etwas k\u00e4lteren und windigeren Mittwoch feierten unsere Sch\u00fcler von 10:00 bis 15:00 auf dem Hof mit einer Foto-Box, einem Karaoke-Stand, einer Popcornmaschine und diversen anderen aktiven und auch ruhigeren Angeboten.&nbsp; Eine Lichtk\u00fcnstlerin aus Italien bot einen Aktionsworkshop in den R\u00e4umen an. Die Sch\u00fcler w\u00fcrdigten das besondere Angebot und machten begeistert mit.<\/p>\n<div id='gallery-1' class='gallery galleryid-1126 gallery-columns-3 gallery-size-thumbnail'><figure class='gallery-item'>\n\t\t\t<div class='gallery-icon landscape'>\n\t\t\t\t<a href='https:\/\/rebbz-winterhude.hamburg.de\/?attachment_id=1242'><img loading=\"lazy\" decoding=\"async\" id=\"bsb-copyright-img-1\" width=\"150\" height=\"150\" src=\"https:\/\/rebbz-winterhude.hamburg.de\/wp-content\/uploads\/sites\/656\/2018\/10\/IMG-20180928-WA0063-150x150.jpg\" class=\"attachment-thumbnail size-thumbnail\" alt=\"\" \/><a class=\"bsb-media-copyright-link\" id=\"bsb-copyright-reflink-1\" href=\"#bsb-copyright-ref-1\" title=\"BSB\">\u00a9 1<\/a><\/a>\n\t\t\t<\/div><\/figure><figure class='gallery-item'>\n\t\t\t<div class='gallery-icon landscape'>\n\t\t\t\t<a href='https:\/\/rebbz-winterhude.hamburg.de\/?attachment_id=1241'><img loading=\"lazy\" decoding=\"async\" id=\"bsb-copyright-img-2\" width=\"150\" height=\"150\" src=\"https:\/\/rebbz-winterhude.hamburg.de\/wp-content\/uploads\/sites\/656\/2018\/10\/IMG-20180928-WA0058-150x150.jpg\" class=\"attachment-thumbnail size-thumbnail\" alt=\"\" \/><a class=\"bsb-media-copyright-link\" id=\"bsb-copyright-reflink-2\" href=\"#bsb-copyright-ref-2\" title=\"BSB\">\u00a9 2<\/a><\/a>\n\t\t\t<\/div><\/figure><figure class='gallery-item'>\n\t\t\t<div class='gallery-icon landscape'>\n\t\t\t\t<a href='https:\/\/rebbz-winterhude.hamburg.de\/?attachment_id=1222'><img loading=\"lazy\" decoding=\"async\" id=\"bsb-copyright-img-3\" width=\"150\" height=\"150\" src=\"https:\/\/rebbz-winterhude.hamburg.de\/wp-content\/uploads\/sites\/656\/2018\/10\/20180926_102803-150x150.jpg\" class=\"attachment-thumbnail size-thumbnail\" alt=\"\" \/><a class=\"bsb-media-copyright-link\" id=\"bsb-copyright-reflink-3\" href=\"#bsb-copyright-ref-3\" title=\"BSB\">\u00a9 3<\/a><\/a>\n\t\t\t<\/div><\/figure><figure class='gallery-item'>\n\t\t\t<div class='gallery-icon portrait'>\n\t\t\t\t<a href='https:\/\/rebbz-winterhude.hamburg.de\/?attachment_id=1221'><img loading=\"lazy\" decoding=\"async\" id=\"bsb-copyright-img-4\" width=\"150\" height=\"150\" src=\"https:\/\/rebbz-winterhude.hamburg.de\/wp-content\/uploads\/sites\/656\/2018\/10\/20180926_102204-150x150.jpg\" class=\"attachment-thumbnail size-thumbnail\" alt=\"\" \/><a class=\"bsb-media-copyright-link\" id=\"bsb-copyright-reflink-4\" href=\"#bsb-copyright-ref-4\" title=\"BSB\">\u00a9 4<\/a><\/a>\n\t\t\t<\/div><\/figure><figure class='gallery-item'>\n\t\t\t<div class='gallery-icon landscape'>\n\t\t\t\t<a href='https:\/\/rebbz-winterhude.hamburg.de\/?attachment_id=1220'><img loading=\"lazy\" decoding=\"async\" id=\"bsb-copyright-img-5\" width=\"150\" height=\"150\" src=\"https:\/\/rebbz-winterhude.hamburg.de\/wp-content\/uploads\/sites\/656\/2018\/10\/20180926_102153-150x150.jpg\" class=\"attachment-thumbnail size-thumbnail\" alt=\"\" \/><a class=\"bsb-media-copyright-link\" id=\"bsb-copyright-reflink-5\" href=\"#bsb-copyright-ref-5\" title=\"BSB\">\u00a9 5<\/a><\/a>\n\t\t\t<\/div><\/figure><figure class='gallery-item'>\n\t\t\t<div class='gallery-icon portrait'>\n\t\t\t\t<a href='https:\/\/rebbz-winterhude.hamburg.de\/?attachment_id=1219'><img loading=\"lazy\" decoding=\"async\" id=\"bsb-copyright-img-6\" width=\"150\" height=\"150\" src=\"https:\/\/rebbz-winterhude.hamburg.de\/wp-content\/uploads\/sites\/656\/2018\/10\/20180926_102115-150x150.jpg\" class=\"attachment-thumbnail size-thumbnail\" alt=\"\" \/><a class=\"bsb-media-copyright-link\" id=\"bsb-copyright-reflink-6\" href=\"#bsb-copyright-ref-6\" title=\"BSB\">\u00a9 6<\/a><\/a>\n\t\t\t<\/div><\/figure><figure class='gallery-item'>\n\t\t\t<div class='gallery-icon portrait'>\n\t\t\t\t<a href='https:\/\/rebbz-winterhude.hamburg.de\/?attachment_id=1218'><img loading=\"lazy\" decoding=\"async\" id=\"bsb-copyright-img-7\" width=\"150\" height=\"150\" src=\"https:\/\/rebbz-winterhude.hamburg.de\/wp-content\/uploads\/sites\/656\/2018\/10\/20180926_102110-150x150.jpg\" class=\"attachment-thumbnail size-thumbnail\" alt=\"\" \/><a class=\"bsb-media-copyright-link\" id=\"bsb-copyright-reflink-7\" href=\"#bsb-copyright-ref-7\" title=\"BSB\">\u00a9 7<\/a><\/a>\n\t\t\t<\/div><\/figure><figure class='gallery-item'>\n\t\t\t<div class='gallery-icon landscape'>\n\t\t\t\t<a href='https:\/\/rebbz-winterhude.hamburg.de\/?attachment_id=1217'><img loading=\"lazy\" decoding=\"async\" id=\"bsb-copyright-img-8\" width=\"150\" height=\"150\" src=\"https:\/\/rebbz-winterhude.hamburg.de\/wp-content\/uploads\/sites\/656\/2018\/10\/20180926_101857-150x150.jpg\" class=\"attachment-thumbnail size-thumbnail\" alt=\"\" \/><a class=\"bsb-media-copyright-link\" id=\"bsb-copyright-reflink-8\" href=\"#bsb-copyright-ref-8\" title=\"BSB\">\u00a9 8<\/a><\/a>\n\t\t\t<\/div><\/figure><figure class='gallery-item'>\n\t\t\t<div class='gallery-icon portrait'>\n\t\t\t\t<a href='https:\/\/rebbz-winterhude.hamburg.de\/?attachment_id=1223'><img loading=\"lazy\" decoding=\"async\" id=\"bsb-copyright-img-9\" width=\"150\" height=\"150\" src=\"https:\/\/rebbz-winterhude.hamburg.de\/wp-content\/uploads\/sites\/656\/2018\/10\/20180926_135744-150x150.jpg\" class=\"attachment-thumbnail size-thumbnail\" alt=\"\" \/><a class=\"bsb-media-copyright-link\" id=\"bsb-copyright-reflink-9\" href=\"#bsb-copyright-ref-9\" title=\"BSB\">\u00a9 9<\/a><\/a>\n\t\t\t<\/div><\/figure>\n\t\t<\/div>\n\n<p style=\"text-align: justify\">Am Donnerstag, dem Festakt zur Jubil\u00e4umsfeier, hatten wir Ehemalige, Kooperationspartner, Nachbarn und Freunde der Schule eingeladen. Daf\u00fcr wurde die Schule noch einmal besonders herausgeputzt, denn neben dem offiziellen ersten Teil mit Reden und einem gemeinsamen Chorsingen auf dem Schulhof waren zudem Ausstellungen und Filme in den Schulr\u00e4umen vorbereitet worden. Das Wetter war \u2013 zum Gl\u00fcck &#8211; deutlich w\u00e4rmer und Herr Ties Rabe, unser Bildungssenator, hatte am Vortag auch noch zugesagt, eine Rede zu halten. Es passte alles!<\/p>\n<div id='gallery-2' class='gallery galleryid-1126 gallery-columns-3 gallery-size-thumbnail'><figure class='gallery-item'>\n\t\t\t<div class='gallery-icon portrait'>\n\t\t\t\t<a href='https:\/\/rebbz-winterhude.hamburg.de\/?attachment_id=1227'><img loading=\"lazy\" decoding=\"async\" id=\"bsb-copyright-img-10\" width=\"150\" height=\"150\" src=\"https:\/\/rebbz-winterhude.hamburg.de\/wp-content\/uploads\/sites\/656\/2018\/10\/20180927_161726-150x150.jpg\" class=\"attachment-thumbnail size-thumbnail\" alt=\"\" \/><a class=\"bsb-media-copyright-link\" id=\"bsb-copyright-reflink-10\" href=\"#bsb-copyright-ref-10\" title=\"BSB\">\u00a9 10<\/a><\/a>\n\t\t\t<\/div><\/figure><figure class='gallery-item'>\n\t\t\t<div class='gallery-icon portrait'>\n\t\t\t\t<a href='https:\/\/rebbz-winterhude.hamburg.de\/?attachment_id=1235'><img loading=\"lazy\" decoding=\"async\" id=\"bsb-copyright-img-11\" width=\"150\" height=\"150\" src=\"https:\/\/rebbz-winterhude.hamburg.de\/wp-content\/uploads\/sites\/656\/2018\/10\/IMG-20180928-WA0035-150x150.jpg\" class=\"attachment-thumbnail size-thumbnail\" alt=\"\" \/><a class=\"bsb-media-copyright-link\" id=\"bsb-copyright-reflink-11\" href=\"#bsb-copyright-ref-11\" title=\"BSB\">\u00a9 11<\/a><\/a>\n\t\t\t<\/div><\/figure><figure class='gallery-item'>\n\t\t\t<div class='gallery-icon portrait'>\n\t\t\t\t<a href='https:\/\/rebbz-winterhude.hamburg.de\/?attachment_id=1236'><img loading=\"lazy\" decoding=\"async\" id=\"bsb-copyright-img-12\" width=\"150\" height=\"150\" src=\"https:\/\/rebbz-winterhude.hamburg.de\/wp-content\/uploads\/sites\/656\/2018\/10\/IMG-20180928-WA0037-150x150.jpg\" class=\"attachment-thumbnail size-thumbnail\" alt=\"\" \/><a class=\"bsb-media-copyright-link\" id=\"bsb-copyright-reflink-12\" href=\"#bsb-copyright-ref-12\" title=\"BSB\">\u00a9 12<\/a><\/a>\n\t\t\t<\/div><\/figure><figure class='gallery-item'>\n\t\t\t<div class='gallery-icon portrait'>\n\t\t\t\t<a href='https:\/\/rebbz-winterhude.hamburg.de\/?attachment_id=1226'><img loading=\"lazy\" decoding=\"async\" id=\"bsb-copyright-img-13\" width=\"150\" height=\"150\" src=\"https:\/\/rebbz-winterhude.hamburg.de\/wp-content\/uploads\/sites\/656\/2018\/10\/20180927_161441-150x150.jpg\" class=\"attachment-thumbnail size-thumbnail\" alt=\"\" \/><a class=\"bsb-media-copyright-link\" id=\"bsb-copyright-reflink-13\" href=\"#bsb-copyright-ref-13\" title=\"BSB\">\u00a9 13<\/a><\/a>\n\t\t\t<\/div><\/figure><figure class='gallery-item'>\n\t\t\t<div class='gallery-icon landscape'>\n\t\t\t\t<a href='https:\/\/rebbz-winterhude.hamburg.de\/?attachment_id=1229'><img loading=\"lazy\" decoding=\"async\" id=\"bsb-copyright-img-14\" width=\"150\" height=\"150\" src=\"https:\/\/rebbz-winterhude.hamburg.de\/wp-content\/uploads\/sites\/656\/2018\/10\/20180927_162907-150x150.jpg\" class=\"attachment-thumbnail size-thumbnail\" alt=\"\" \/><a class=\"bsb-media-copyright-link\" id=\"bsb-copyright-reflink-14\" href=\"#bsb-copyright-ref-14\" title=\"BSB\">\u00a9 14<\/a><\/a>\n\t\t\t<\/div><\/figure><figure class='gallery-item'>\n\t\t\t<div class='gallery-icon landscape'>\n\t\t\t\t<a href='https:\/\/rebbz-winterhude.hamburg.de\/?attachment_id=1240'><img loading=\"lazy\" decoding=\"async\" id=\"bsb-copyright-img-15\" width=\"150\" height=\"150\" src=\"https:\/\/rebbz-winterhude.hamburg.de\/wp-content\/uploads\/sites\/656\/2018\/10\/IMG-20180928-WA0053-150x150.jpg\" class=\"attachment-thumbnail size-thumbnail\" alt=\"\" \/><a class=\"bsb-media-copyright-link\" id=\"bsb-copyright-reflink-15\" href=\"#bsb-copyright-ref-15\" title=\"BSB\">\u00a9 15<\/a><\/a>\n\t\t\t<\/div><\/figure>\n\t\t<\/div>\n\n<p style=\"text-align: justify\">Mit einem Begr\u00fc\u00dfungsgetr\u00e4nk in der Hand fand man sich an Stehtischen ein und folgte zun\u00e4chst den positiven und sehr wertsch\u00e4tzenden Worten des Senators. Im Anschluss sprachen unsere Schulaufsicht f\u00fcr die ReBBZ, Frau Peponis, und unsere Bildungsleitung vom ReBBZ Winterhude, Frau Reiche. Zwischendurch forderten die 20 Seniorinnen des Singkreises \u201eSangeslust\u201c unter der Leitung von Herrn Dr. Schliemann zum Mitsingen auf.<\/p>\n<div id='gallery-3' class='gallery galleryid-1126 gallery-columns-2 gallery-size-thumbnail'><figure class='gallery-item'>\n\t\t\t<div class='gallery-icon landscape'>\n\t\t\t\t<a href='https:\/\/rebbz-winterhude.hamburg.de\/?attachment_id=1230'><img loading=\"lazy\" decoding=\"async\" id=\"bsb-copyright-img-16\" width=\"150\" height=\"150\" src=\"https:\/\/rebbz-winterhude.hamburg.de\/wp-content\/uploads\/sites\/656\/2018\/10\/20180927_164355-150x150.jpg\" class=\"attachment-thumbnail size-thumbnail\" alt=\"\" \/><a class=\"bsb-media-copyright-link\" id=\"bsb-copyright-reflink-16\" href=\"#bsb-copyright-ref-16\" title=\"BSB\">\u00a9 16<\/a><\/a>\n\t\t\t<\/div><\/figure><figure class='gallery-item'>\n\t\t\t<div class='gallery-icon portrait'>\n\t\t\t\t<a href='https:\/\/rebbz-winterhude.hamburg.de\/?attachment_id=1231'><img loading=\"lazy\" decoding=\"async\" id=\"bsb-copyright-img-17\" width=\"150\" height=\"150\" src=\"https:\/\/rebbz-winterhude.hamburg.de\/wp-content\/uploads\/sites\/656\/2018\/10\/20180927_164800-150x150.jpg\" class=\"attachment-thumbnail size-thumbnail\" alt=\"\" \/><a class=\"bsb-media-copyright-link\" id=\"bsb-copyright-reflink-17\" href=\"#bsb-copyright-ref-17\" title=\"BSB\">\u00a9 17<\/a><\/a>\n\t\t\t<\/div><\/figure><figure class='gallery-item'>\n\t\t\t<div class='gallery-icon landscape'>\n\t\t\t\t<a href='https:\/\/rebbz-winterhude.hamburg.de\/?attachment_id=1234'><img loading=\"lazy\" decoding=\"async\" id=\"bsb-copyright-img-18\" width=\"150\" height=\"150\" src=\"https:\/\/rebbz-winterhude.hamburg.de\/wp-content\/uploads\/sites\/656\/2018\/10\/20180927_180316-150x150.jpg\" class=\"attachment-thumbnail size-thumbnail\" alt=\"\" \/><a class=\"bsb-media-copyright-link\" id=\"bsb-copyright-reflink-18\" href=\"#bsb-copyright-ref-18\" title=\"BSB\">\u00a9 18<\/a><\/a>\n\t\t\t<\/div><\/figure><figure class='gallery-item'>\n\t\t\t<div class='gallery-icon landscape'>\n\t\t\t\t<a href='https:\/\/rebbz-winterhude.hamburg.de\/?attachment_id=1228'><img loading=\"lazy\" decoding=\"async\" id=\"bsb-copyright-img-19\" width=\"150\" height=\"150\" src=\"https:\/\/rebbz-winterhude.hamburg.de\/wp-content\/uploads\/sites\/656\/2018\/10\/20180927_161851-1-150x150.jpg\" class=\"attachment-thumbnail size-thumbnail\" alt=\"\" \/><a class=\"bsb-media-copyright-link\" id=\"bsb-copyright-reflink-19\" href=\"#bsb-copyright-ref-19\" title=\"BSB\">\u00a9 19<\/a><\/a>\n\t\t\t<\/div><\/figure>\n\t\t<\/div>\n\n<p style=\"text-align: justify\">Im Anschluss lud Frau Reiche die G\u00e4ste ins geschm\u00fcckte Schulhaus zur Begehung ein. B\u00e4ckerei H\u00f6nig unterst\u00fctzte uns mit einer Butterkuchenspende, so dass unsere Sch\u00fcler den G\u00e4sten neben selbstgemachten herzhaften H\u00e4ppchen auch noch S\u00fc\u00dfes anbieten konnten, w\u00e4hrend diese durch die Ausstellungen in den R\u00e4umen wandelten. Die Stimmung war gro\u00dfartig, unsere Sch\u00fcler und Sch\u00fclerinnen waren ausgezeichnete Gastgeber und die G\u00e4ste zufrieden. Das entnahmen wir den regen Gespr\u00e4chen in den R\u00e4umen und Fluren sowie sp\u00e4ter den vielen positiven R\u00fcckmeldungen im G\u00e4stebuch. Eine Menge Arbeit liegt nun hinter uns, aber das Ergebnis zweier sch\u00f6ner Festtage hat uns belohnt \u2013 so hatte es auch sein sollen!<\/p>\n<p><img loading=\"lazy\" decoding=\"async\" class=\"size-medium wp-image-1245 aligncenter\" src=\"https:\/\/rebbz-winterhude.hamburg.de\/wp-content\/uploads\/sites\/656\/2018\/10\/20180927_162121-300x186.jpg\" alt=\"\" width=\"300\" height=\"186\" srcset=\"https:\/\/rebbz-winterhude.hamburg.de\/wp-content\/uploads\/sites\/656\/2018\/10\/20180927_162121-300x186.jpg 300w, https:\/\/rebbz-winterhude.hamburg.de\/wp-content\/uploads\/sites\/656\/2018\/10\/20180927_162121-768x476.jpg 768w, https:\/\/rebbz-winterhude.hamburg.de\/wp-content\/uploads\/sites\/656\/2018\/10\/20180927_162121-1024x634.jpg 1024w, https:\/\/rebbz-winterhude.hamburg.de\/wp-content\/uploads\/sites\/656\/2018\/10\/20180927_162121.jpg 1808w\" sizes=\"auto, (max-width: 300px) 100vw, 300px\" \/><\/p>\n<p>Hiermit sagen wir noch einmal Danke an unsere G\u00e4ste f\u00fcr Ihre Teilnahme und einen Riesendank an unsere Sch\u00fclerinnen und Sch\u00fcler, unsere Kolleginnen und Kollegen und all die helfenden H\u00e4nde, ohne die es nicht so sch\u00f6n geworden w\u00e4re.<\/p>\n<p>Wir freuen uns \u00fcber diesen Bericht zu unserer Feier, der in der 52. Stadtteil-Info des Stadtteilrates Barmbek-S\u00fcd erschienen ist:<\/p>\n<p><a href=\"https:\/\/rebbz-winterhude.hamburg.de\/wp-content\/uploads\/sites\/656\/2018\/11\/125-Jahre-Brucknerstra\u00dfe.jpg\"><img loading=\"lazy\" decoding=\"async\" class=\"aligncenter wp-image-1263 size-full\" src=\"https:\/\/rebbz-winterhude.hamburg.de\/wp-content\/uploads\/sites\/656\/2018\/11\/125-Jahre-Brucknerstra\u00dfe.jpg\" alt=\"\" width=\"733\" height=\"588\" srcset=\"https:\/\/rebbz-winterhude.hamburg.de\/wp-content\/uploads\/sites\/656\/2018\/11\/125-Jahre-Brucknerstra\u00dfe.jpg 733w, https:\/\/rebbz-winterhude.hamburg.de\/wp-content\/uploads\/sites\/656\/2018\/11\/125-Jahre-Brucknerstra\u00dfe-300x241.jpg 300w\" sizes=\"auto, (max-width: 733px) 100vw, 733px\" \/><\/a><\/p>\n<p>&nbsp;<\/p>\n","protected":false},"excerpt":{"rendered":"<p>&nbsp; Das gro\u00dfe Feiern am 26. Und 27.09.2018 Die beiden Festtage zum 125j\u00e4hrigen Schuljubil\u00e4um liegen nun hinter uns du sie waren ein voller Erfolg! Die h\u00fcbsch geschm\u00fcckte Schulfassade und ein selbst gebautes Luftballontor luden ein zum Mitfeiern. Auch das Wetter spielte mit: am etwas k\u00e4lteren und windigeren Mittwoch feierten unsere Sch\u00fcler von 10:00 bis 15:00 &hellip; <a href=\"https:\/\/rebbz-winterhude.hamburg.de\/?page_id=1126\" class=\"more-link\"><span class=\"screen-reader-text\">125-j\u00e4hriges Schuljubili\u00e4um<\/span> weiterlesen <span class=\"meta-nav\">&rarr;<\/span><\/a><\/p>\n","protected":false},"author":761,"featured_media":0,"parent":0,"menu_order":0,"comment_status":"closed","ping_status":"closed","template":"","meta":{"_acf_changed":false,"footnotes":""},"class_list":["post-1126","page","type-page","status-publish","hentry"],"acf":[],"_links":{"self":[{"href":"https:\/\/rebbz-winterhude.hamburg.de\/index.php?rest_route=\/wp\/v2\/pages\/1126","targetHints":{"allow":["GET"]}}],"collection":[{"href":"https:\/\/rebbz-winterhude.hamburg.de\/index.php?rest_route=\/wp\/v2\/pages"}],"about":[{"href":"https:\/\/rebbz-winterhude.hamburg.de\/index.php?rest_route=\/wp\/v2\/types\/page"}],"author":[{"embeddable":true,"href":"https:\/\/rebbz-winterhude.hamburg.de\/index.php?rest_route=\/wp\/v2\/users\/761"}],"replies":[{"embeddable":true,"href":"https:\/\/rebbz-winterhude.hamburg.de\/index.php?rest_route=%2Fwp%2Fv2%2Fcomments&post=1126"}],"version-history":[{"count":1,"href":"https:\/\/rebbz-winterhude.hamburg.de\/index.php?rest_route=\/wp\/v2\/pages\/1126\/revisions"}],"predecessor-version":[{"id":1216,"href":"https:\/\/rebbz-winterhude.hamburg.de\/index.php?rest_route=\/wp\/v2\/pages\/1126\/revisions\/1216"}],"wp:attachment":[{"href":"https:\/\/rebbz-winterhude.hamburg.de\/index.php?rest_route=%2Fwp%2Fv2%2Fmedia&parent=1126"}],"curies":[{"name":"wp","href":"https:\/\/api.w.org\/{rel}","templated":true}]}}