{"id":728,"date":"2017-05-08T15:23:52","date_gmt":"2017-05-08T13:23:52","guid":{"rendered":"http:\/\/rebbz-winterhude.hamburg.de\/?page_id=728"},"modified":"2023-02-23T14:25:29","modified_gmt":"2023-02-23T13:25:29","slug":"kompass","status":"publish","type":"page","link":"https:\/\/rebbz-winterhude.hamburg.de\/?page_id=728","title":{"rendered":"Kompass"},"content":{"rendered":"<div class=\"entry-content\">\n<div id='gallery-1' class='gallery galleryid-728 gallery-columns-4 gallery-size-thumbnail'><figure class='gallery-item'>\n\t\t\t<div class='gallery-icon portrait'>\n\t\t\t\t<a href='https:\/\/rebbz-winterhude.hamburg.de\/?attachment_id=912'><img loading=\"lazy\" decoding=\"async\" id=\"bsb-copyright-img-1\" width=\"150\" height=\"150\" src=\"https:\/\/rebbz-winterhude.hamburg.de\/wp-content\/uploads\/sites\/656\/2018\/02\/20170920_094640-150x150.jpg\" class=\"attachment-thumbnail size-thumbnail\" alt=\"\" aria-describedby=\"gallery-1-912\" \/><a class=\"bsb-media-copyright-link\" id=\"bsb-copyright-reflink-1\" href=\"#bsb-copyright-ref-1\" title=\"BSB\">\u00a9 1<\/a><\/a>\n\t\t\t<\/div>\n\t\t\t\t<figcaption class='wp-caption-text gallery-caption' id='gallery-1-912'>\n\t\t\t\tPraktikum im KFZ-Bereich\n\t\t\t\t<\/figcaption><\/figure><figure class='gallery-item'>\n\t\t\t<div class='gallery-icon portrait'>\n\t\t\t\t<a href='https:\/\/rebbz-winterhude.hamburg.de\/?attachment_id=913'><img loading=\"lazy\" decoding=\"async\" id=\"bsb-copyright-img-2\" width=\"150\" height=\"150\" src=\"https:\/\/rebbz-winterhude.hamburg.de\/wp-content\/uploads\/sites\/656\/2018\/02\/20170921_104809-150x150.jpg\" class=\"attachment-thumbnail size-thumbnail\" alt=\"\" aria-describedby=\"gallery-1-913\" \/><a class=\"bsb-media-copyright-link\" id=\"bsb-copyright-reflink-2\" href=\"#bsb-copyright-ref-2\" title=\"BSB\">\u00a9 2<\/a><\/a>\n\t\t\t<\/div>\n\t\t\t\t<figcaption class='wp-caption-text gallery-caption' id='gallery-1-913'>\n\t\t\t\tLagerlogistik im Hafen\n\t\t\t\t<\/figcaption><\/figure><figure class='gallery-item'>\n\t\t\t<div class='gallery-icon landscape'>\n\t\t\t\t<a href='https:\/\/rebbz-winterhude.hamburg.de\/?attachment_id=915'><img loading=\"lazy\" decoding=\"async\" id=\"bsb-copyright-img-3\" width=\"150\" height=\"150\" src=\"https:\/\/rebbz-winterhude.hamburg.de\/wp-content\/uploads\/sites\/656\/2018\/02\/20171213_121652-150x150.jpg\" class=\"attachment-thumbnail size-thumbnail\" alt=\"\" aria-describedby=\"gallery-1-915\" \/><a class=\"bsb-media-copyright-link\" id=\"bsb-copyright-reflink-3\" href=\"#bsb-copyright-ref-3\" title=\"BSB\">\u00a9 3<\/a><\/a>\n\t\t\t<\/div>\n\t\t\t\t<figcaption class='wp-caption-text gallery-caption' id='gallery-1-915'>\n\t\t\t\tDie Werkzeuge eines Steinmetz\n\t\t\t\t<\/figcaption><\/figure><figure class='gallery-item'>\n\t\t\t<div class='gallery-icon landscape'>\n\t\t\t\t<a href='https:\/\/rebbz-winterhude.hamburg.de\/?attachment_id=914'><img loading=\"lazy\" decoding=\"async\" id=\"bsb-copyright-img-4\" width=\"150\" height=\"150\" src=\"https:\/\/rebbz-winterhude.hamburg.de\/wp-content\/uploads\/sites\/656\/2018\/02\/20171115_160554-150x150.jpg\" class=\"attachment-thumbnail size-thumbnail\" alt=\"\" aria-describedby=\"gallery-1-914\" \/><a class=\"bsb-media-copyright-link\" id=\"bsb-copyright-reflink-4\" href=\"#bsb-copyright-ref-4\" title=\"BSB\">\u00a9 4<\/a><\/a>\n\t\t\t<\/div>\n\t\t\t\t<figcaption class='wp-caption-text gallery-caption' id='gallery-1-914'>\n\t\t\t\tVerkauf im Orient\n\t\t\t\t<\/figcaption><\/figure>\n\t\t<\/div>\n\n<p><img loading=\"lazy\" decoding=\"async\" class=\"size-medium wp-image-1013 aligncenter\" src=\"https:\/\/rebbz-winterhude.hamburg.de\/wp-content\/uploads\/sites\/656\/2018\/04\/Strich-senkrecht-blau-e1523889364608-300x54.jpg\" alt=\"\" width=\"300\" height=\"54\" srcset=\"https:\/\/rebbz-winterhude.hamburg.de\/wp-content\/uploads\/sites\/656\/2018\/04\/Strich-senkrecht-blau-e1523889364608-300x54.jpg 300w, https:\/\/rebbz-winterhude.hamburg.de\/wp-content\/uploads\/sites\/656\/2018\/04\/Strich-senkrecht-blau-e1523889364608-1024x184.jpg 1024w, https:\/\/rebbz-winterhude.hamburg.de\/wp-content\/uploads\/sites\/656\/2018\/04\/Strich-senkrecht-blau-e1523889364608-768x138.jpg 768w, https:\/\/rebbz-winterhude.hamburg.de\/wp-content\/uploads\/sites\/656\/2018\/04\/Strich-senkrecht-blau-e1523889364608.jpg 1380w\" sizes=\"auto, (max-width: 300px) 100vw, 300px\" \/><\/p>\n<p style=\"text-align: justify\">F\u00fcr Sch\u00fcler:innen der Klassenstufen 8, 9 und 10, die sich f\u00fcr ihren \u00dcbergang in die Berufswelt st\u00e4rker praktisch orientieren wollen, bieten wir die Profilklassen Kompass an.<\/p>\n<p style=\"text-align: justify\">Das Kompass-Konzept startet ab dem 2. Halbjahr der 8. Klasse. Bis zum 1. Halbjahr der 10. Klasse beinhaltet es neben dem schulischen Lernen praktische Erfahrungen in insgesamt vier verschiedenen Praktikumsbetrieben. Sowohl bei der Suche nach einem geeigneten Praktikumsbetrieb als auch w\u00e4hrend der Praktikumszeiten werden die Sch\u00fcler:innen von den Lehrkr\u00e4ften unterst\u00fctzt und begleitet.<\/p>\n<p><img loading=\"lazy\" decoding=\"async\" class=\"wp-image-1070 alignright\" src=\"https:\/\/rebbz-winterhude.hamburg.de\/wp-content\/uploads\/sites\/656\/2018\/04\/Berufe-300x277.jpg\" alt=\"\" width=\"157\" height=\"145\" srcset=\"https:\/\/rebbz-winterhude.hamburg.de\/wp-content\/uploads\/sites\/656\/2018\/04\/Berufe-300x277.jpg 300w, https:\/\/rebbz-winterhude.hamburg.de\/wp-content\/uploads\/sites\/656\/2018\/04\/Berufe.jpg 652w\" sizes=\"auto, (max-width: 157px) 100vw, 157px\" \/><\/p>\n<p style=\"text-align: justify\">Die Sch\u00fcler:innen besuchen an zwei Tagen der Woche ihren Praktikumsbetrieb, an drei Tagen besuchen sie den Unterricht.&nbsp; An den Unterrichtstagen werden die Inhalte des Praktikums aufgearbeitet sowie alle anderen regul\u00e4ren Schulf\u00e4cher unterrichtet. Au\u00dferdem bereitet jede:r Sch\u00fcler:in eine Pr\u00e4sentation \u00fcber das eigene Praktikum vor, die am Ende des Halbjahres&nbsp; Mitsch\u00fcler:innen und Eltern vorgestellt wird.<\/p>\n<p style=\"text-align: justify\">Durch diese Form der praxisbezogenen Berufsorientierung lernen die Sch\u00fcler:innen unterschiedliche Berufsbereiche kennen, entdecken eigene Schwerpunkte und gehen gut vorbereitet in die berufs- und ausbildungsvorbereitenden Angebote der beruflichen Schulen.<\/p>\n<\/div>\n","protected":false},"excerpt":{"rendered":"<p>F\u00fcr Sch\u00fcler:innen der Klassenstufen 8, 9 und 10, die sich f\u00fcr ihren \u00dcbergang in die Berufswelt st\u00e4rker praktisch orientieren wollen, bieten wir die Profilklassen Kompass an. Das Kompass-Konzept startet ab dem 2. Halbjahr der 8. Klasse. Bis zum 1. Halbjahr der 10. Klasse beinhaltet es neben dem schulischen Lernen praktische Erfahrungen in insgesamt vier verschiedenen &hellip; <a href=\"https:\/\/rebbz-winterhude.hamburg.de\/?page_id=728\" class=\"more-link\"><span class=\"screen-reader-text\">Kompass<\/span> weiterlesen <span class=\"meta-nav\">&rarr;<\/span><\/a><\/p>\n","protected":false},"author":707,"featured_media":0,"parent":0,"menu_order":0,"comment_status":"closed","ping_status":"closed","template":"","meta":{"_acf_changed":false,"footnotes":""},"class_list":["post-728","page","type-page","status-publish","hentry"],"acf":[],"_links":{"self":[{"href":"https:\/\/rebbz-winterhude.hamburg.de\/index.php?rest_route=\/wp\/v2\/pages\/728","targetHints":{"allow":["GET"]}}],"collection":[{"href":"https:\/\/rebbz-winterhude.hamburg.de\/index.php?rest_route=\/wp\/v2\/pages"}],"about":[{"href":"https:\/\/rebbz-winterhude.hamburg.de\/index.php?rest_route=\/wp\/v2\/types\/page"}],"author":[{"embeddable":true,"href":"https:\/\/rebbz-winterhude.hamburg.de\/index.php?rest_route=\/wp\/v2\/users\/707"}],"replies":[{"embeddable":true,"href":"https:\/\/rebbz-winterhude.hamburg.de\/index.php?rest_route=%2Fwp%2Fv2%2Fcomments&post=728"}],"version-history":[{"count":3,"href":"https:\/\/rebbz-winterhude.hamburg.de\/index.php?rest_route=\/wp\/v2\/pages\/728\/revisions"}],"predecessor-version":[{"id":1976,"href":"https:\/\/rebbz-winterhude.hamburg.de\/index.php?rest_route=\/wp\/v2\/pages\/728\/revisions\/1976"}],"wp:attachment":[{"href":"https:\/\/rebbz-winterhude.hamburg.de\/index.php?rest_route=%2Fwp%2Fv2%2Fmedia&parent=728"}],"curies":[{"name":"wp","href":"https:\/\/api.w.org\/{rel}","templated":true}]}}